{"id":124,"date":"2019-04-07T16:45:56","date_gmt":"2019-04-07T16:45:56","guid":{"rendered":"http:\/\/www.campingmontdesbruyeres.com\/camping\/?page_id=124"},"modified":"2022-12-13T14:15:48","modified_gmt":"2022-12-13T14:15:48","slug":"le-camping","status":"publish","type":"page","link":"https:\/\/www.campingmontdesbruyeres.com\/?page_id=124","title":{"rendered":"Le Camping"},"content":{"rendered":"\n<figure class=\"wp-block-image\"><img decoding=\"async\" loading=\"lazy\" width=\"1024\" height=\"178\" src=\"https:\/\/www.campingmontdesbruyeres.com\/camping\/wp-content\/uploads\/2018\/07\/wp-logo-1024x178.png\" alt=\"\" class=\"wp-image-84\"\/><\/figure>\n\n\n\n<div class=\"wp-block-media-text alignwide is-stacked-on-mobile is-vertically-aligned-center\" style=\"grid-template-columns:34% auto\"><figure class=\"wp-block-media-text__media\"><img decoding=\"async\" loading=\"lazy\" width=\"1024\" height=\"768\" src=\"https:\/\/www.campingmontdesbruyeres.com\/camping\/wp-content\/uploads\/1-photo-page-daccueil-3-1024x768.jpg\" alt=\"\" class=\"wp-image-1373 size-full\" srcset=\"https:\/\/www.campingmontdesbruyeres.com\/camping\/wp-content\/uploads\/1-photo-page-daccueil-3-1024x768.jpg 1024w, https:\/\/www.campingmontdesbruyeres.com\/camping\/wp-content\/uploads\/1-photo-page-daccueil-3-300x225.jpg 300w, https:\/\/www.campingmontdesbruyeres.com\/camping\/wp-content\/uploads\/1-photo-page-daccueil-3-768x576.jpg 768w, https:\/\/www.campingmontdesbruyeres.com\/camping\/wp-content\/uploads\/1-photo-page-daccueil-3.jpg 1080w\" sizes=\"(max-width: 1024px) 100vw, 1024px\" \/><\/figure><div class=\"wp-block-media-text__content\">\n<p class=\"has-black-color has-text-color\"> Au coeur du parc  naturel r\u00e9gional Scarpe-Escaut (le 1er cr\u00e9\u00e9 en France)  et en bordure de 5000  hectares de f\u00f4ret (Raismes, Saint-  Amand-les-Eaux, Wallers). Sur le site de  l\u2019ancienne sabli\u00e8re, notre camping est situ\u00e9 dans un cadre de verdure exceptionnel, au sein d\u2019une  nature  calme et accueillante, propice \u00e0  un s\u00e9jour d\u00e9tendu particuli\u00e8rement    adapt\u00e9 aux amoureux de l \u2018environnement.<br> Toutefois, nous restons  proche du centre ville, de ses  commerces et de nombreux  \u00e9quipements de loisirs et de d\u00e9tente. <\/p>\n<\/div><\/div>\n\n\n\n<hr class=\"wp-block-separator has-alpha-channel-opacity\"\/>\n\n\n\n<h2 class=\"wp-block-heading\"><strong> \u00c0 l\u2019accueil  <\/strong><\/h2>\n\n\n\n<p>           <\/p>\n\n\n\n<div class=\"wp-block-media-text alignwide has-media-on-the-right is-stacked-on-mobile is-vertically-aligned-center\" style=\"grid-template-columns:auto 36%\"><figure class=\"wp-block-media-text__media\"><img decoding=\"async\" loading=\"lazy\" width=\"1024\" height=\"538\" src=\"https:\/\/www.campingmontdesbruyeres.com\/camping\/wp-content\/uploads\/3-photo-accueil-1024x538.jpg\" alt=\"\" class=\"wp-image-1303 size-full\" srcset=\"https:\/\/www.campingmontdesbruyeres.com\/camping\/wp-content\/uploads\/3-photo-accueil-1024x538.jpg 1024w, https:\/\/www.campingmontdesbruyeres.com\/camping\/wp-content\/uploads\/3-photo-accueil-300x158.jpg 300w, https:\/\/www.campingmontdesbruyeres.com\/camping\/wp-content\/uploads\/3-photo-accueil-768x403.jpg 768w, https:\/\/www.campingmontdesbruyeres.com\/camping\/wp-content\/uploads\/3-photo-accueil.jpg 1064w\" sizes=\"(max-width: 1024px) 100vw, 1024px\" \/><\/figure><div class=\"wp-block-media-text__content\">\n<p class=\"has-black-color has-text-color\">Le camping est ouvert du 15\/03 au 31\/10.&nbsp;Les horaires de l&rsquo;accueil sont 10h-12h \/ 15h-18h, 7j\/7. Les arriv\u00e9es se font jusqu&rsquo;\u00e0 21h.&nbsp;<\/p>\n\n\n\n<p class=\"has-black-color has-text-color\">D\u00e8s votre arriv\u00e9e, vous devez vous pr\u00e9senter \u00e0 l&rsquo;accueil o\u00f9 notre personnel sera ravi de vous accueillir pour votre enregistrement.&nbsp;<\/p>\n\n\n\n<p class=\"has-black-color has-text-color\">Mode de paiements disponibles : liquide, ch\u00e8que, carte bancaire, ch\u00e8que-vacances (5% de r\u00e9duction sur pr\u00e9sentation d&rsquo;une carte partenaire ACSI, ANWB, FFCC, ADAC)<\/p>\n\n\n\n<p class=\"has-black-color has-text-color\">Acc\u00e8s PMR<br>R\u00e9servation recommand\u00e9e pour la haute saison.<br>Langues parl\u00e9es : Fran\u00e7ais, Anglais, Allemand, Italien<\/p>\n\n\n\n<p class=\"has-black-color has-text-color\">R\u00e8glement du camping :&nbsp;<br>Nombre de chiens (en laisse) maximum : 3<br>Caravane accept\u00e9e<br>Tente accept\u00e9e<\/p>\n\n\n\n<p class=\"has-black-color has-text-color\">Petite tente suppl\u00e9mentaire accept\u00e9e<\/p>\n\n\n\n<p class=\"has-black-color has-text-color\">Camping-car accept\u00e9&nbsp;<\/p>\n\n\n\n<p class=\"has-black-color has-text-color\">Double-essieux non autoris\u00e9s<br>Barbecues autoris\u00e9s (charbon \/ \u00e9lectricit\u00e9 \/ gaz)<\/p>\n<\/div><\/div>\n\n\n\n<hr class=\"wp-block-separator has-css-opacity\"\/>\n\n\n\n<div class=\"wp-block-media-text alignwide is-stacked-on-mobile is-vertically-aligned-center\" style=\"grid-template-columns:35% auto\"><figure class=\"wp-block-media-text__media\"><img decoding=\"async\" loading=\"lazy\" width=\"960\" height=\"720\" src=\"https:\/\/www.campingmontdesbruyeres.com\/camping\/wp-content\/uploads\/4-bar-et-epicerie.jpg\" alt=\"\" class=\"wp-image-1306 size-full\" srcset=\"https:\/\/www.campingmontdesbruyeres.com\/camping\/wp-content\/uploads\/4-bar-et-epicerie.jpg 960w, https:\/\/www.campingmontdesbruyeres.com\/camping\/wp-content\/uploads\/4-bar-et-epicerie-300x225.jpg 300w, https:\/\/www.campingmontdesbruyeres.com\/camping\/wp-content\/uploads\/4-bar-et-epicerie-768x576.jpg 768w\" sizes=\"(max-width: 960px) 100vw, 960px\" \/><\/figure><div class=\"wp-block-media-text__content\">\n<h2 class=\"wp-block-heading\"><strong>Bar \/ \u00e9picerie   :          <\/strong><\/h2>\n\n\n\n<p class=\"has-black-color has-text-color\"><em>Le bar et l&rsquo;\u00e9picerie sont ouvert du 15\/03 au 31\/10.<br>La r\u00f4tisserie (le dimanche midi) et la restauration rapide (le vendredi soir) sont propos\u00e9es du 26\/05 au 15\/09.<\/em><\/p>\n\n\n\n<p class=\"has-black-color has-text-color\">Il est possible de commander du pain en livraison pour le lendemain.<\/p>\n\n\n\n<p class=\"has-black-color has-text-color\">L&rsquo;\u00e9picerie vous propose une large gamme de produit de premi\u00e8re n\u00e9cessit\u00e9 \u00e0 prix r\u00e9duit ainsi que des bouteilles de gaz propane.<br>Vous trouverez \u00e9galement \u00e0 l&rsquo;arri\u00e8re, un espace p\u00e9tanque, un \u00e9chiquier g\u00e9ant et une terrasse.<br>Acc\u00e8s PMR<\/p>\n<\/div><\/div>\n\n\n\n<hr class=\"wp-block-separator has-css-opacity\"\/>\n\n\n\n<div class=\"wp-block-media-text alignwide has-media-on-the-right is-stacked-on-mobile\" style=\"grid-template-columns:auto 26%\"><figure class=\"wp-block-media-text__media\"><img decoding=\"async\" loading=\"lazy\" width=\"528\" height=\"960\" src=\"https:\/\/www.campingmontdesbruyeres.com\/camping\/wp-content\/uploads\/5-photo-espace-piscine.jpg\" alt=\"\" class=\"wp-image-1308 size-full\" srcset=\"https:\/\/www.campingmontdesbruyeres.com\/camping\/wp-content\/uploads\/5-photo-espace-piscine.jpg 528w, https:\/\/www.campingmontdesbruyeres.com\/camping\/wp-content\/uploads\/5-photo-espace-piscine-165x300.jpg 165w\" sizes=\"(max-width: 528px) 100vw, 528px\" \/><\/figure><div class=\"wp-block-media-text__content\">\n<h2 class=\"wp-block-heading\"><strong>Espace Piscine :                    <\/strong><\/h2>\n\n\n\n<p class=\"has-black-color has-text-color\">La piscine est ouverte du 15\/06 au 15\/09, l&rsquo;eau est chauff\u00e9e \u00e0 28\u00b0C. Superficie 72m\u00b2<br>Espace pataugeoire (1 \u00e0 3 ans, &lt; 40cm). Superficie 20m\u00b2<br>Acc\u00e8s PMR<\/p>\n<\/div><\/div>\n\n\n\n<hr class=\"wp-block-separator has-css-opacity\"\/>\n\n\n\n<div class=\"wp-block-media-text alignwide is-stacked-on-mobile\"><figure class=\"wp-block-media-text__media\"><img decoding=\"async\" loading=\"lazy\" width=\"1024\" height=\"767\" src=\"https:\/\/www.campingmontdesbruyeres.com\/camping\/wp-content\/uploads\/6-photo-espace-pergola-1024x767.jpg\" alt=\"\" class=\"wp-image-1310 size-full\" srcset=\"https:\/\/www.campingmontdesbruyeres.com\/camping\/wp-content\/uploads\/6-photo-espace-pergola-1024x767.jpg 1024w, https:\/\/www.campingmontdesbruyeres.com\/camping\/wp-content\/uploads\/6-photo-espace-pergola-300x225.jpg 300w, https:\/\/www.campingmontdesbruyeres.com\/camping\/wp-content\/uploads\/6-photo-espace-pergola-768x575.jpg 768w, https:\/\/www.campingmontdesbruyeres.com\/camping\/wp-content\/uploads\/6-photo-espace-pergola.jpg 1170w\" sizes=\"(max-width: 1024px) 100vw, 1024px\" \/><\/figure><div class=\"wp-block-media-text__content\">\n<h2 class=\"has-text-align-center wp-block-heading\">&nbsp;<strong>Espace Pergola<\/strong> : <\/h2>\n\n\n\n<p class=\"has-text-align-center has-black-color has-text-color\">L&rsquo;espace Pergola vous offre un endroit idyllique, calme et confortable avec acc\u00e8s WI-FI gratuit.<\/p>\n<\/div><\/div>\n\n\n\n<hr class=\"wp-block-separator has-css-opacity\"\/>\n\n\n\n<div class=\"wp-block-media-text alignwide has-media-on-the-right is-stacked-on-mobile\" style=\"grid-template-columns:auto 37%\"><figure class=\"wp-block-media-text__media\"><img decoding=\"async\" loading=\"lazy\" width=\"966\" height=\"458\" src=\"https:\/\/www.campingmontdesbruyeres.com\/camping\/wp-content\/uploads\/7-photo-aire-de-jeux.jpg\" alt=\"\" class=\"wp-image-1314 size-full\" srcset=\"https:\/\/www.campingmontdesbruyeres.com\/camping\/wp-content\/uploads\/7-photo-aire-de-jeux.jpg 966w, https:\/\/www.campingmontdesbruyeres.com\/camping\/wp-content\/uploads\/7-photo-aire-de-jeux-300x142.jpg 300w, https:\/\/www.campingmontdesbruyeres.com\/camping\/wp-content\/uploads\/7-photo-aire-de-jeux-768x364.jpg 768w\" sizes=\"(max-width: 966px) 100vw, 966px\" \/><\/figure><div class=\"wp-block-media-text__content\">\n<h2 class=\"wp-block-heading\">                                                                                                         &nbsp;<strong>Aire de jeux et loisirs<\/strong> <strong>:<\/strong>            <\/h2>\n\n\n\n<p class=\"has-black-color has-text-color\">Un espace de jeux s\u00e9curis\u00e9 est \u00e0 disposition des plus jeunes pour leurs plus grand plaisir.<\/p>\n\n\n\n<p class=\"has-black-color has-text-color\">Table de ping-pong (espace campeur) billard et baby-foot (gratuit pour les consommateurs du bar) \u00e9galement \u00e0 disposition.<\/p>\n\n\n\n<p class=\"has-black-color has-text-color\">Activit\u00e9s et soir\u00e9es selon le programme des <a href=\"https:\/\/www.campingmontdesbruyeres.com\/?page_id=45\" data-type=\"URL\" data-id=\"https:\/\/www.campingmontdesbruyeres.com\/?page_id=45\">festivit\u00e9s<\/a>.<\/p>\n<\/div><\/div>\n\n\n\n<hr class=\"wp-block-separator has-css-opacity\"\/>\n\n\n\n<div class=\"wp-block-media-text alignwide is-stacked-on-mobile is-vertically-aligned-center\"><figure class=\"wp-block-media-text__media\"><img decoding=\"async\" loading=\"lazy\" width=\"1024\" height=\"499\" src=\"https:\/\/www.campingmontdesbruyeres.com\/camping\/wp-content\/uploads\/8-photo-sanitaires-1024x499.jpg\" alt=\"\" class=\"wp-image-1320 size-full\" srcset=\"https:\/\/www.campingmontdesbruyeres.com\/camping\/wp-content\/uploads\/8-photo-sanitaires-1024x499.jpg 1024w, https:\/\/www.campingmontdesbruyeres.com\/camping\/wp-content\/uploads\/8-photo-sanitaires-300x146.jpg 300w, https:\/\/www.campingmontdesbruyeres.com\/camping\/wp-content\/uploads\/8-photo-sanitaires-768x374.jpg 768w, https:\/\/www.campingmontdesbruyeres.com\/camping\/wp-content\/uploads\/8-photo-sanitaires.jpg 1080w\" sizes=\"(max-width: 1024px) 100vw, 1024px\" \/><\/figure><div class=\"wp-block-media-text__content\">\n<h2 class=\"has-text-align-center wp-block-heading\">                                                        <strong>\u00c9quipements sanitaires <\/strong>            <\/h2>\n\n\n\n<p class=\"has-text-align-center has-black-color has-text-color\">Le camping dispose de 3 sanitaires dont un chauff\u00e9, avec toilettes, douches et bacs \u00e0 vaisselle.<\/p>\n\n\n\n<p class=\"has-text-align-center has-black-color has-text-color\">Lave linge et s\u00e8che-linge \u00e0 jetons (disponible \u00e0 l&rsquo;accueil et au bar) au bloc sanitaire principal (en bas)<\/p>\n\n\n\n<p class=\"has-black-color has-text-color\">Sanitaire PMR.<\/p>\n<\/div><\/div>\n\n\n\n<hr class=\"wp-block-separator has-css-opacity\"\/>\n\n\n\n<hr class=\"wp-block-separator has-css-opacity\"\/>\n\n\n\n<div class=\"wp-block-media-text alignwide has-media-on-the-right is-stacked-on-mobile\"><figure class=\"wp-block-media-text__media\"><img decoding=\"async\" loading=\"lazy\" width=\"1024\" height=\"768\" src=\"https:\/\/www.campingmontdesbruyeres.com\/camping\/wp-content\/uploads\/9-photo-espace-campeurs-1024x768.jpg\" alt=\"\" class=\"wp-image-1327 size-full\" srcset=\"https:\/\/www.campingmontdesbruyeres.com\/camping\/wp-content\/uploads\/9-photo-espace-campeurs-1024x768.jpg 1024w, https:\/\/www.campingmontdesbruyeres.com\/camping\/wp-content\/uploads\/9-photo-espace-campeurs-300x225.jpg 300w, https:\/\/www.campingmontdesbruyeres.com\/camping\/wp-content\/uploads\/9-photo-espace-campeurs-768x576.jpg 768w, https:\/\/www.campingmontdesbruyeres.com\/camping\/wp-content\/uploads\/9-photo-espace-campeurs.jpg 1400w\" sizes=\"(max-width: 1024px) 100vw, 1024px\" \/><\/figure><div class=\"wp-block-media-text__content\">\n<h2 class=\"wp-block-heading\"><strong>Espace Campeurs :<\/strong><\/h2>\n\n\n\n<p class=\"has-black-color has-text-color\"><\/p>\n\n\n\n<p class=\"has-black-color has-text-color\">La salle campeurs pour tous, qui permet de ce r\u00e9unir, pour c\u00e9l\u00e9brer un \u00e9v\u00e9nement ou faire des activit\u00e9s, c&rsquo;est \u00e9galement un espace de Wi-Fi gratuit, mais \u00e9galement un endroit o\u00f9 se mettre \u00e0 l&rsquo;abri en cas de forte pluie.<\/p>\n\n\n\n<p class=\"has-black-color has-text-color\">Table de ping pong \u00e0 disposition.                                   <\/p>\n<\/div><\/div>\n\n\n\n<hr class=\"wp-block-separator has-css-opacity\"\/>\n\n\n\n<hr class=\"wp-block-separator has-css-opacity\"\/>\n\n\n\n<div class=\"wp-block-media-text alignwide is-stacked-on-mobile\" style=\"grid-template-columns:40% auto\"><figure class=\"wp-block-media-text__media\"><img decoding=\"async\" loading=\"lazy\" width=\"1024\" height=\"499\" src=\"https:\/\/www.campingmontdesbruyeres.com\/camping\/wp-content\/uploads\/10-photo-espace-fitness-1024x499.jpg\" alt=\"\" class=\"wp-image-1329 size-full\" srcset=\"https:\/\/www.campingmontdesbruyeres.com\/camping\/wp-content\/uploads\/10-photo-espace-fitness-1024x499.jpg 1024w, https:\/\/www.campingmontdesbruyeres.com\/camping\/wp-content\/uploads\/10-photo-espace-fitness-300x146.jpg 300w, https:\/\/www.campingmontdesbruyeres.com\/camping\/wp-content\/uploads\/10-photo-espace-fitness-768x374.jpg 768w, https:\/\/www.campingmontdesbruyeres.com\/camping\/wp-content\/uploads\/10-photo-espace-fitness.jpg 1080w\" sizes=\"(max-width: 1024px) 100vw, 1024px\" \/><\/figure><div class=\"wp-block-media-text__content\">\n<h2 class=\"has-text-align-center wp-block-heading\"><strong>Espace fitness en plein air :<\/strong>       <\/h2>\n\n\n\n<p class=\"has-text-align-center has-black-color has-text-color\">\u00c0 votre disposition, un espace de fitness complet en plein air, pour garder la forme.                                     <\/p>\n<\/div><\/div>\n\n\n\n<hr class=\"wp-block-separator has-css-opacity\"\/>\n\n\n\n<h2 class=\"has-text-align-center wp-block-heading\"><strong>Nos partenaires :<\/strong><\/h2>\n\n\n\n<figure class=\"wp-block-gallery has-nested-images columns-5 wp-block-gallery-1 is-layout-flex\">\n<figure class=\"wp-block-image size-full\"><img decoding=\"async\" loading=\"lazy\" width=\"800\" height=\"296\" data-id=\"1377\"  src=\"https:\/\/www.campingmontdesbruyeres.com\/camping\/wp-content\/uploads\/logo-black.png\" alt=\"\" class=\"wp-image-1377\" srcset=\"https:\/\/www.campingmontdesbruyeres.com\/camping\/wp-content\/uploads\/logo-black.png 800w, https:\/\/www.campingmontdesbruyeres.com\/camping\/wp-content\/uploads\/logo-black-300x111.png 300w, https:\/\/www.campingmontdesbruyeres.com\/camping\/wp-content\/uploads\/logo-black-768x284.png 768w\" sizes=\"(max-width: 800px) 100vw, 800px\" \/><\/figure>\n\n\n\n<figure class=\"wp-block-image size-large\"><a href=\"https:\/\/www.pitchup.com\/fr\/campsites\/france\/nord-pas-de-calais\/nord\/saint_amand_les_eaux\/camping_le_mont_des_bruyeres\/\" target=\"_blank\" rel=\"noreferrer noopener\"><img decoding=\"async\" loading=\"lazy\" width=\"252\" height=\"221\" data-id=\"1348\"  src=\"https:\/\/www.campingmontdesbruyeres.com\/camping\/wp-content\/uploads\/12-logo-pitchup.jpg\" alt=\"\" class=\"wp-image-1348\"\/><\/a><\/figure>\n\n\n\n<figure class=\"wp-block-image size-large\"><a href=\"https:\/\/www.chainethermale.fr\/saint-amand-les-eaux\" target=\"_blank\" rel=\"noreferrer noopener\"><img decoding=\"async\" loading=\"lazy\" width=\"474\" height=\"175\" data-id=\"1351\"  src=\"https:\/\/www.campingmontdesbruyeres.com\/camping\/wp-content\/uploads\/13-logo-chaine-thermale.jpg\" alt=\"\" class=\"wp-image-1351\" srcset=\"https:\/\/www.campingmontdesbruyeres.com\/camping\/wp-content\/uploads\/13-logo-chaine-thermale.jpg 474w, https:\/\/www.campingmontdesbruyeres.com\/camping\/wp-content\/uploads\/13-logo-chaine-thermale-300x111.jpg 300w\" sizes=\"(max-width: 474px) 100vw, 474px\" \/><\/a><\/figure>\n\n\n\n<figure class=\"wp-block-image size-large\"><a href=\"https:\/\/www.caravanclub.co.uk\/overseas\/france\/hauts-de-france\/le-mont-des-bruyeres\/\" target=\"_blank\" rel=\"noreferrer noopener\"><img decoding=\"async\" loading=\"lazy\" width=\"600\" height=\"600\" data-id=\"1350\"  src=\"https:\/\/www.campingmontdesbruyeres.com\/camping\/wp-content\/uploads\/14-logo-caravan-club.png\" alt=\"\" class=\"wp-image-1350\" srcset=\"https:\/\/www.campingmontdesbruyeres.com\/camping\/wp-content\/uploads\/14-logo-caravan-club.png 600w, https:\/\/www.campingmontdesbruyeres.com\/camping\/wp-content\/uploads\/14-logo-caravan-club-300x300.png 300w, https:\/\/www.campingmontdesbruyeres.com\/camping\/wp-content\/uploads\/14-logo-caravan-club-150x150.png 150w\" sizes=\"(max-width: 600px) 100vw, 600px\" \/><\/a><\/figure>\n\n\n\n<figure class=\"wp-block-image size-large\"><a href=\"https:\/\/www.france-voyage.com\/campings\/camping-saint-amand-les-eaux-175736.htm\" target=\"_blank\" rel=\"noreferrer noopener\"><img decoding=\"async\" loading=\"lazy\" width=\"250\" height=\"67\" data-id=\"1349\"  src=\"https:\/\/www.campingmontdesbruyeres.com\/camping\/wp-content\/uploads\/15-logo-france-voyage.jpg\" alt=\"\" class=\"wp-image-1349\"\/><\/a><\/figure>\n<\/figure>\n\n\n\n<hr class=\"wp-block-separator has-css-opacity\"\/>\n\n\n\n<div class=\"wp-block-media-text alignwide has-media-on-the-right is-stacked-on-mobile\" style=\"grid-template-columns:auto 19%\"><figure class=\"wp-block-media-text__media\"><img decoding=\"async\" loading=\"lazy\" width=\"1000\" height=\"1000\" src=\"https:\/\/www.campingmontdesbruyeres.com\/camping\/wp-content\/uploads\/2019\/05\/0..Pictogramme-handicapes-et-accessibilite-PMR.jpg\" alt=\"\" class=\"wp-image-594 size-full\" srcset=\"https:\/\/www.campingmontdesbruyeres.com\/camping\/wp-content\/uploads\/2019\/05\/0..Pictogramme-handicapes-et-accessibilite-PMR.jpg 1000w, https:\/\/www.campingmontdesbruyeres.com\/camping\/wp-content\/uploads\/2019\/05\/0..Pictogramme-handicapes-et-accessibilite-PMR-150x150.jpg 150w, https:\/\/www.campingmontdesbruyeres.com\/camping\/wp-content\/uploads\/2019\/05\/0..Pictogramme-handicapes-et-accessibilite-PMR-300x300.jpg 300w, https:\/\/www.campingmontdesbruyeres.com\/camping\/wp-content\/uploads\/2019\/05\/0..Pictogramme-handicapes-et-accessibilite-PMR-768x768.jpg 768w\" sizes=\"(max-width: 1000px) 100vw, 1000px\" \/><\/figure><div class=\"wp-block-media-text__content\">\n<div class=\"wp-block-group is-layout-flow\"><div class=\"wp-block-group__inner-container\">\n<h2 class=\"wp-block-heading\"><strong>Situation du camping                                                                      Camping-cars                                                                      \u00c9quipements des emplacements                                                                      Personnes \u00e0  mobilit\u00e9 r\u00e9duite             <\/strong><\/h2>\n\n\n\n<h2 class=\"has-black-color has-text-color has-small-font-size wp-block-heading\">Douche avec toilette (au minimum 2.15mx2.15m)                                     <\/h2>\n\n\n\n<h2 class=\"has-black-color has-text-color has-small-font-size wp-block-heading\">Les sanitaires des personnes \u00e0 mobilit\u00e9 r\u00e9duite se trouvent dans le m\u00eame bloc que ceux des autres campeurs                                     <\/h2>\n\n\n\n<h2 class=\"has-black-color has-text-color has-small-font-size wp-block-heading\">Si\u00e8ge \/ chaise de douche (repliable ou sur roulettes) d\u2019environ 48 cm de haut                                     <\/h2>\n\n\n\n<h2 class=\"is-style-plain has-black-color has-text-color has-small-font-size wp-block-heading\">Snack-bar\/restaurant au rez-de-chauss\u00e9e ou accessible par une pente                                     <\/h2>\n<\/div><\/div>\n<\/div><\/div>\n","protected":false},"excerpt":{"rendered":"<p>Au coeur du parc naturel r\u00e9gional Scarpe-Escaut (le 1er cr\u00e9\u00e9 en France) et en bordure de 5000 hectares de f\u00f4ret (Raismes, Saint- Amand-les-Eaux, Wallers). Sur le site de l\u2019ancienne sabli\u00e8re, notre camping est situ\u00e9 dans un cadre de verdure exceptionnel, au sein d\u2019une nature calme et accueillante, propice \u00e0 un s\u00e9jour d\u00e9tendu particuli\u00e8rement adapt\u00e9 aux [&hellip;]<\/p>\n","protected":false},"author":2,"featured_media":0,"parent":0,"menu_order":0,"comment_status":"closed","ping_status":"closed","template":"","meta":[],"_links":{"self":[{"href":"https:\/\/www.campingmontdesbruyeres.com\/index.php?rest_route=\/wp\/v2\/pages\/124"}],"collection":[{"href":"https:\/\/www.campingmontdesbruyeres.com\/index.php?rest_route=\/wp\/v2\/pages"}],"about":[{"href":"https:\/\/www.campingmontdesbruyeres.com\/index.php?rest_route=\/wp\/v2\/types\/page"}],"author":[{"embeddable":true,"href":"https:\/\/www.campingmontdesbruyeres.com\/index.php?rest_route=\/wp\/v2\/users\/2"}],"replies":[{"embeddable":true,"href":"https:\/\/www.campingmontdesbruyeres.com\/index.php?rest_route=%2Fwp%2Fv2%2Fcomments&post=124"}],"version-history":[{"count":133,"href":"https:\/\/www.campingmontdesbruyeres.com\/index.php?rest_route=\/wp\/v2\/pages\/124\/revisions"}],"predecessor-version":[{"id":1412,"href":"https:\/\/www.campingmontdesbruyeres.com\/index.php?rest_route=\/wp\/v2\/pages\/124\/revisions\/1412"}],"wp:attachment":[{"href":"https:\/\/www.campingmontdesbruyeres.com\/index.php?rest_route=%2Fwp%2Fv2%2Fmedia&parent=124"}],"curies":[{"name":"wp","href":"https:\/\/api.w.org\/{rel}","templated":true}]}}